{"id":568,"date":"2022-02-07T16:35:16","date_gmt":"2022-02-07T15:35:16","guid":{"rendered":"https:\/\/foundation.justinehenin.be\/politique-de-confidentialite\/"},"modified":"2022-05-03T14:25:15","modified_gmt":"2022-05-03T12:25:15","slug":"politique-de-confidentialite","status":"publish","type":"page","link":"https:\/\/foundation.justinehenin.be\/nl\/politique-de-confidentialite\/","title":{"rendered":"Politique de confidentialit\u00e9"},"content":{"rendered":"\n<div class=\"wp-block-getwid-advanced-spacer\" style=\"height:5vw\" aria-hidden=\"true\"><\/div>\n\n\n\n<h2 class=\"has-h-3-font-size wp-block-heading\" id=\"qui-sommes-nous\">Qui sommes-nous&nbsp;?<\/h2>\n\n\n\n<hr class=\"wp-block-separator is-style-wide mt-3 mb-4\"\/>\n\n\n\n<p>L\u2019adresse de notre site Web est&nbsp;: <a href=\"https:\/\/foundation.justinehenin.be\/nl\/\">https:\/\/foundation.justinehenin.be\/<\/a>. Il a \u00e9t\u00e9 d\u00e9velopp\u00e9 sur base d&#8217;une instance de <a href=\"https:\/\/wordpress.org\" target=\"_blank\" rel=\"noreferrer noopener\">WordPress<\/a>&nbsp;par <a href=\"https:\/\/octopix.be\" target=\"_blank\" rel=\"noreferrer noopener\">Octopix<\/a>.<\/p>\n\n\n\n<p>Ce site ainsi que toutes ses donn\u00e9es sont h\u00e9berg\u00e9s chez Diogenius.&nbsp;Participant au bouclier de protection des donn\u00e9es.<\/p>\n\n\n\n<div class=\"wp-block-getwid-advanced-spacer\" style=\"height:3vw\" aria-hidden=\"true\"><\/div>\n\n\n\n<h2 class=\"has-h-3-font-size wp-block-heading\" id=\"utilisation-des-donnees-collectees\">Utilisation des donn\u00e9es collect\u00e9es<\/h2>\n\n\n\n<hr class=\"wp-block-separator is-style-wide mt-3 mb-5\"\/>\n\n\n\n<h3 class=\"has-h-4-font-size wp-block-heading\" id=\"medias\">M\u00e9dias<\/h3>\n\n\n\n<p>Si vous \u00eates un utilisateur ou une utilisatrice enregistr\u00e9\u00b7e et que vous t\u00e9l\u00e9versez des images sur le site web, nous vous conseillons d\u2019\u00e9viter de t\u00e9l\u00e9verser des images contenant des donn\u00e9es EXIF de coordonn\u00e9es GPS. Les visiteurs de votre site web peuvent t\u00e9l\u00e9charger et extraire des donn\u00e9es de localisation depuis ces images.<\/p>\n\n\n\n<h3 class=\"has-h-4-font-size wp-block-heading\" id=\"formulaires\">Formulaires<\/h3>\n\n\n\n<p>En remplissant un formulaire pr\u00e9sent sur ce site, l\u2019utilisateur autorise l&#8217;utilisation de ces renseignements par ce site aux fins de r\u00e9pondre aux demandes d&#8217;information, de citations ou \u00e0 toute autre demande tel que l&#8217;indique l&#8217;en-t\u00eate du formulaire.<\/p>\n\n\n\n<h3 class=\"has-h-4-font-size wp-block-heading\" id=\"cookies\">Cookies<\/h3>\n\n\n\n<p>Si vous d\u00e9posez un commentaire sur notre site, il vous sera propos\u00e9 d\u2019enregistrer votre nom, adresse de messagerie et site web dans des cookies. C\u2019est uniquement pour votre confort afin de ne pas avoir \u00e0 saisir ces informations si vous d\u00e9posez un autre commentaire plus tard. Ces cookies expirent au bout d\u2019un an.<\/p>\n\n\n\n<p>Si vous avez un compte et que vous vous connectez sur ce site, un cookie temporaire sera cr\u00e9\u00e9 afin de d\u00e9terminer si votre navigateur accepte les cookies. Il ne contient pas de donn\u00e9es personnelles et sera supprim\u00e9 automatiquement \u00e0 la fermeture de votre navigateur.<\/p>\n\n\n\n<p>Lorsque vous vous connecterez, nous mettrons en place un certain nombre de cookies pour enregistrer vos informations de connexion et vos pr\u00e9f\u00e9rences d\u2019\u00e9cran. La dur\u00e9e de vie d\u2019un cookie de connexion est de deux jours, celle d\u2019un cookie d\u2019option d\u2019\u00e9cran est d\u2019un an. Si vous cochez \u00ab&nbsp;Se souvenir de moi&nbsp;\u00bb, votre cookie de connexion sera conserv\u00e9 pendant deux semaines. Si vous vous d\u00e9connectez de votre compte, le cookie de connexion sera effac\u00e9.<\/p>\n\n\n\n<p>{Google Analytics} Une s\u00e9rie de cookies peuvent \u00eatre cr\u00e9\u00e9s dans le cadre de la collecte de donn\u00e9es d&#8217;utilisations par Google Analytics. La liste de ces cookies et leurs r\u00f4les peuvent \u00eatre consult\u00e9s \u00e0 l&#8217;adresse suivante:&nbsp;https:\/\/developers.google.com\/analytics\/devguides\/collection\/analyticsjs\/cookie-usage<\/p>\n\n\n\n<h3 class=\"has-h-4-font-size wp-block-heading\" id=\"contenu-embarque-depuis-d-autres-sites\">Contenu embarqu\u00e9 depuis d\u2019autres sites<\/h3>\n\n\n\n<p>Les articles de ce site peuvent inclure des contenus int\u00e9gr\u00e9s (par exemple des vid\u00e9os, images, articles\u2026). Le contenu int\u00e9gr\u00e9 depuis d\u2019autres sites se comporte de la m\u00eame mani\u00e8re que si le visiteur se rendait sur cet autre site.<\/p>\n\n\n\n<p>Ces sites web pourraient collecter des donn\u00e9es sur vous, utiliser des cookies, embarquer des outils de suivis tiers, suivre vos interactions avec ces contenus embarqu\u00e9s si vous disposez d\u2019un compte connect\u00e9 sur leur site web.<\/p>\n\n\n\n<h3 class=\"has-h-4-font-size wp-block-heading\" id=\"statistiques-et-mesures-d-audience\">Statistiques et mesures d\u2019audience<\/h3>\n\n\n\n<p>Les services que contient cette partie permettent au propri\u00e9taire du site de surveiller et d\u2019analyser le trafic Web et de suivre l\u2019\u00e9volution du comportement de l&#8217;utilisateur. Google Analytics est un service d\u2019analyse Web fourni par Google Inc. (\u00ab&nbsp;Google&nbsp;\u00bb). Google utilise les Donn\u00e9es collect\u00e9es pour suivre et analyser l\u2019utilisation de cette Application, pr\u00e9parer des rapports sur ses activit\u00e9s et les partager avec d\u2019autres services Google. Google peut utiliser les Donn\u00e9es collect\u00e9es pour contextualiser et personnaliser les publicit\u00e9s de son propre r\u00e9seau publicitaire.<\/p>\n\n\n\n<p>Donn\u00e9es personnelles collect\u00e9es : Cookies et Donn\u00e9es d&#8217;utilisation.<\/p>\n\n\n\n<p>Lieu de traitement : \u00c9tats-Unis \u2013&nbsp;<a href=\"https:\/\/www.google.com\/intl\/fr\/policies\/privacy\/\" target=\"_blank\" rel=\"noreferrer noopener\">Politique de confidentialit\u00e9<\/a>&nbsp;\u2013&nbsp;<a href=\"https:\/\/tools.google.com\/dlpage\/gaoptout?hl=fr\" target=\"_blank\" rel=\"noreferrer noopener\">Option de retrait<\/a>. Participant au bouclier de protection des donn\u00e9es.<\/p>\n\n\n\n<div class=\"wp-block-getwid-advanced-spacer\" style=\"height:3vw\" aria-hidden=\"true\"><\/div>\n\n\n\n<h2 class=\"has-h-3-font-size wp-block-heading\" id=\"durees-de-stockage-de-vos-donnees\">Dur\u00e9es de stockage de vos donn\u00e9es<\/h2>\n\n\n\n<hr class=\"wp-block-separator is-style-wide mt-3 mb-5\"\/>\n\n\n\n<p>Les Donn\u00e9es personnelles sont trait\u00e9es et conserv\u00e9es aussi longtemps que requis pour la finalit\u00e9 pour laquelle elles ont \u00e9t\u00e9 collect\u00e9es.<\/p>\n\n\n\n<p>Les Donn\u00e9es personnelles collect\u00e9es \u00e0 des fins li\u00e9es \u00e0 l&#8217;ex\u00e9cution d&#8217;un contrat entre le propri\u00e9taire et l&#8217;utilisateur doivent \u00eatre conserv\u00e9es jusqu&#8217;\u00e0 la pleine ex\u00e9cution du contrat.<\/p>\n\n\n\n<p>Si vous laissez un commentaire, le commentaire et ses m\u00e9tadonn\u00e9es sont conserv\u00e9s ind\u00e9finiment. Cela permet de reconna\u00eetre et approuver automatiquement les commentaires suivants au lieu de les laisser dans la file de mod\u00e9ration.<\/p>\n\n\n\n<p>Pour les utilisateurs et utilisatrices qui s\u2019enregistrent sur notre site (si cela est possible), nous stockons \u00e9galement les donn\u00e9es personnelles indiqu\u00e9es dans leur profil. Tous les utilisateurs et utilisatrices peuvent voir, modifier ou supprimer leurs informations personnelles \u00e0 tout moment (\u00e0 l\u2019exception de leur nom d\u2019utilisateur\u00b7ice). Les gestionnaires du site peuvent aussi voir et modifier ces informations.<\/p>\n\n\n\n<p>Les donn\u00e9es d&#8217;utilisation du site collect\u00e9es par Google Analytics sont conserv\u00e9es par ce service pour une p\u00e9riode de 26 mois avant d&#8217;\u00eatre supprim\u00e9es.<\/p>\n\n\n\n<div class=\"wp-block-getwid-advanced-spacer\" style=\"height:3vw\" aria-hidden=\"true\"><\/div>\n\n\n\n<h2 class=\"has-h-3-font-size wp-block-heading\" id=\"les-droits-que-vous-avez-sur-vos-donnees\">Les droits que vous avez sur vos donn\u00e9es<\/h2>\n\n\n\n<hr class=\"wp-block-separator is-style-wide mt-3 mb-5\"\/>\n\n\n\n<p>Si vous avez un compte ou si vous avez laiss\u00e9 des commentaires sur le site, vous pouvez demander \u00e0 recevoir un fichier contenant toutes les donn\u00e9es personnelles que nous poss\u00e9dons \u00e0 votre sujet, incluant celles que vous nous avez fournies. Vous pouvez \u00e9galement demander la suppression des donn\u00e9es personnelles vous concernant. Cela ne prend pas en compte les donn\u00e9es stock\u00e9es \u00e0 des fins administratives, l\u00e9gales ou pour des raisons de s\u00e9curit\u00e9.<\/p>\n\n\n\n<div class=\"wp-block-getwid-advanced-spacer\" style=\"height:3vw\" aria-hidden=\"true\"><\/div>\n\n\n\n<h2 class=\"has-h-3-font-size wp-block-heading\" id=\"informations-de-contact\">Informations de contact<\/h2>\n\n\n\n<hr class=\"wp-block-separator is-style-wide mt-3 mb-5\"\/>\n\n\n\n<p>Vous pouvez nous contacter en vous rendant sur notre <a href=\"https:\/\/foundation.justinehenin.be\/nl\/contact\/\">page de contact<\/a><\/p>\n\n\n\n<div class=\"wp-block-getwid-advanced-spacer\" style=\"height:3vw\" aria-hidden=\"true\"><\/div>\n\n\n\n<h2 class=\"has-h-3-font-size wp-block-heading\" id=\"informations-supplementaires\">Informations suppl\u00e9mentaires<\/h2>\n\n\n\n<hr class=\"wp-block-separator is-style-wide mt-3 mb-5\"\/>\n\n\n\n<h3 class=\"has-h-4-font-size wp-block-heading\" id=\"comment-nous-protegeons-vos-donnees\">Comment nous prot\u00e9geons vos donn\u00e9es<\/h3>\n\n\n\n<p>Pour prot\u00e9ger vos donn\u00e9es personnelles, nous prenons des pr\u00e9cautions raisonnables et suivons les meilleures pratiques de l\u2019industrie pour nous assurer qu\u2019elles ne soient pas perdues, d\u00e9tourn\u00e9es, consult\u00e9es, divulgu\u00e9es, modifi\u00e9es ou d\u00e9truites de mani\u00e8re inappropri\u00e9e. Des audits et des outils de s\u00e9curit\u00e9 ont \u00e9t\u00e9 mis en place&nbsp;afin de surveiller les potentielles attaques et d&#8217;\u00e9viter toute faille.<\/p>\n","protected":false},"excerpt":{"rendered":"<p>Informations sur la confidentialit\u00e9 et l&#8217;utilisation des donn\u00e9es<\/p>\n","protected":false},"author":1,"featured_media":0,"parent":0,"menu_order":0,"comment_status":"closed","ping_status":"closed","template":"template-narrow-12-cols-left.php","meta":{"_acf_changed":false,"inline_featured_image":false,"footnotes":""},"class_list":["post-568","page","type-page","status-publish","hentry"],"acf":[],"_links":{"self":[{"href":"https:\/\/foundation.justinehenin.be\/nl\/wp-json\/wp\/v2\/pages\/568","targetHints":{"allow":["GET"]}}],"collection":[{"href":"https:\/\/foundation.justinehenin.be\/nl\/wp-json\/wp\/v2\/pages"}],"about":[{"href":"https:\/\/foundation.justinehenin.be\/nl\/wp-json\/wp\/v2\/types\/page"}],"author":[{"embeddable":true,"href":"https:\/\/foundation.justinehenin.be\/nl\/wp-json\/wp\/v2\/users\/1"}],"replies":[{"embeddable":true,"href":"https:\/\/foundation.justinehenin.be\/nl\/wp-json\/wp\/v2\/comments?post=568"}],"version-history":[{"count":0,"href":"https:\/\/foundation.justinehenin.be\/nl\/wp-json\/wp\/v2\/pages\/568\/revisions"}],"wp:attachment":[{"href":"https:\/\/foundation.justinehenin.be\/nl\/wp-json\/wp\/v2\/media?parent=568"}],"curies":[{"name":"wp","href":"https:\/\/api.w.org\/{rel}","templated":true}]}}